{"id":8877,"date":"2019-06-18T09:29:22","date_gmt":"2019-06-18T07:29:22","guid":{"rendered":"http:\/\/www.laboreo.es\/?page_id=8877"},"modified":"2019-06-18T10:54:09","modified_gmt":"2019-06-18T08:54:09","slug":"nuestros-productos","status":"publish","type":"page","link":"https:\/\/www.laboreo.es\/?page_id=8877&lang=es","title":{"rendered":"Nuestros Productos"},"content":{"rendered":"<p>[vc_row row_style=\u00bbfull-width\u00bb padding_size=\u00bbno-padding\u00bb][vc_column padding_size=\u00bbno-padding\u00bb][wyde_section_separator reflect=\u00bbreflect-h\u00bb background_color=\u00bb#ffffff\u00bb shape_color=\u00bb#3ab54a\u00bb][\/vc_column][\/vc_row][vc_row][vc_column width=\u00bb1\/4&#8243;][wyde_heading style=\u00bb8&#8243; text_align=\u00bbleft\u00bb title=\u00bbTenemos un gran grupo de productores primarios y peque\u00f1os comerciantes de granos ecol\u00f3gicos en toda Espa\u00f1a\u00bb][vc_empty_space height=\u00bb20px\u00bb][\/vc_column][vc_column width=\u00bb3\/4&#8243;][vc_empty_space height=\u00bb20px\u00bb][vc_empty_space height=\u00bb20px\u00bb][vc_column_text]<strong>Semillas org\u00e1nicas<\/strong>. Nuestro suministro de semillas org\u00e1nicas proviene de productores seleccionados que cumplen totalmente con las especificaciones del COUNCIL REGULATION (EC) No. 834\/2007 de la agricultura ecol\u00f3gica europea. Desde 2010 estamos certificados bajo el prestigioso CAAE (Comit\u00e9 Andaluz de Agricultura Ecol\u00f3gica) como comerciantes de granos ecol\u00f3gicos.<\/p>\n<p>Utilizamos almacenes ecol\u00f3gicos en Fuente Palmera (C\u00f3rdoba), Manzanares (Ciudad Real), Torrijos (Toledo), Vejer de la Frontera (C\u00e1diz), Ejea de los Caballeros (Zaragoza), entre otros, en los que tenemos plantas de prelimpia de granos y plantas de selecci\u00f3n de semillas. Todos nuestros granos son preseleccionados mec\u00e1nicamente justo antes del desembolso, para deshacerse de insectos vivos y disminuir las posibles impurezas.<\/p>\n<p>Tenemos un gran grupo de productores primarios y peque\u00f1os comerciantes de granos ecol\u00f3gicos en toda Espa\u00f1a, lo que nos permite asegurar un m\u00ednimo de volumen cada a\u00f1o para poder suministrar a nuestros clientes con contratos a largo plazo.<\/p>\n<p>LABOREO es uno de los principales comerciantes de granos ecol\u00f3gicos en Espa\u00f1a y en la UE en t\u00e9rminos de volumen, especialmente trigo duro, trigo blando, triticale, cebada, avena y girasol, aunque tenemos todo tipo de granos ecol\u00f3gicos producidos en Espa\u00f1a ( ma\u00edz, sorgo, habas, garbanzos, centeno, espelta, veza, yeros, c\u00e1rtamo, etc.). Exportamos la mayor\u00eda de nuestros granos ecol\u00f3gicos, aunque tambi\u00e9n suministramos a importantes industrias ecol\u00f3gicas en el mercado espa\u00f1ol.[\/vc_column_text][vc_empty_space height=\u00bb40px\u00bb][\/vc_column][\/vc_row]<\/p>\n","protected":false},"excerpt":{"rendered":"<p>[vc_row row_style=\u00bbfull-width\u00bb padding_size=\u00bbno-padding\u00bb][vc_column padding_size=\u00bbno-padding\u00bb][wyde_section_separator reflect=\u00bbreflect-h\u00bb background_color=\u00bb#ffffff\u00bb shape_color=\u00bb#3ab54a\u00bb][\/vc_column][\/vc_row][vc_row][vc_column width=\u00bb1\/4&#8243;][wyde_heading style=\u00bb8&#8243; text_align=\u00bbleft\u00bb title=\u00bbTenemos un gran grupo de productores primarios y peque\u00f1os comerciantes de granos ecol\u00f3gicos en toda Espa\u00f1a\u00bb][vc_empty_space height=\u00bb20px\u00bb][\/vc_column][vc_column width=\u00bb3\/4&#8243;][vc_empty_space height=\u00bb20px\u00bb][vc_empty_space height=\u00bb20px\u00bb][vc_column_text]Semillas org\u00e1nicas. Nuestro suministro de semillas org\u00e1nicas proviene de productores seleccionados que cumplen totalmente con las especificaciones del COUNCIL REGULATION (EC) No. 834\/2007 de la agricultura [&hellip;]<\/p>\n","protected":false},"author":1,"featured_media":0,"parent":0,"menu_order":0,"comment_status":"closed","ping_status":"closed","template":"","meta":{"footnotes":""},"class_list":["post-8877","page","type-page","status-publish","hentry"],"_links":{"self":[{"href":"https:\/\/www.laboreo.es\/index.php?rest_route=\/wp\/v2\/pages\/8877","targetHints":{"allow":["GET"]}}],"collection":[{"href":"https:\/\/www.laboreo.es\/index.php?rest_route=\/wp\/v2\/pages"}],"about":[{"href":"https:\/\/www.laboreo.es\/index.php?rest_route=\/wp\/v2\/types\/page"}],"author":[{"embeddable":true,"href":"https:\/\/www.laboreo.es\/index.php?rest_route=\/wp\/v2\/users\/1"}],"replies":[{"embeddable":true,"href":"https:\/\/www.laboreo.es\/index.php?rest_route=%2Fwp%2Fv2%2Fcomments&post=8877"}],"version-history":[{"count":1,"href":"https:\/\/www.laboreo.es\/index.php?rest_route=\/wp\/v2\/pages\/8877\/revisions"}],"predecessor-version":[{"id":8878,"href":"https:\/\/www.laboreo.es\/index.php?rest_route=\/wp\/v2\/pages\/8877\/revisions\/8878"}],"wp:attachment":[{"href":"https:\/\/www.laboreo.es\/index.php?rest_route=%2Fwp%2Fv2%2Fmedia&parent=8877"}],"curies":[{"name":"wp","href":"https:\/\/api.w.org\/{rel}","templated":true}]}}